{"id":1013059,"date":"2025-06-20T14:43:36","date_gmt":"2025-06-20T12:43:36","guid":{"rendered":"https:\/\/residenzeisoleditoscana.com\/?page_id=1013059"},"modified":"2025-06-20T15:01:03","modified_gmt":"2025-06-20T13:01:03","slug":"rentalprogram-de","status":"publish","type":"page","link":"https:\/\/residenzeisoleditoscana.com\/de\/rentalprogram-de\/","title":{"rendered":"Rental Program DE"},"content":{"rendered":"\t\t<div data-elementor-type=\"wp-page\" data-elementor-id=\"1013059\" class=\"elementor elementor-1013059 elementor-1013058\">\n\t\t\t\t        <section class=\"elementor-section elementor-top-section elementor-element elementor-element-f0e89e0 elementor-section-full_width pxl-section-overflow-hidden-yes elementor-section-height-default elementor-section-height-default pxl-section-offset-none pxl-section-static-pos-no pxl-container-margin-auto-no\" data-id=\"f0e89e0\" data-element_type=\"section\" data-settings=\"{&quot;background_background&quot;:&quot;classic&quot;}\">\n\n                            <div class=\"elementor-background-overlay\"><\/div>\n            \n                <div class=\"elementor-container elementor-column-gap-no \">\n                <div class=\"elementor-column elementor-col-100 elementor-top-column elementor-element elementor-element-d1bb913 col-offset-none pxl-column-element-default pxl-column-overflow-hidden-no\" data-id=\"d1bb913\" data-element_type=\"column\">\r\n        <div class=\"elementor-widget-wrap elementor-element-populated\">\r\n                    \t\t<div class=\"elementor-element elementor-element-9c9930c pxl-swiper-arrows-true pxl-swiper-dots-false pxl-swiper-dots-primary elementor-widget elementor-widget-pxl_slider\" data-id=\"9c9930c\" data-element_type=\"widget\" data-settings=\"{&quot;arrow_prev_position&quot;:&quot;absolute&quot;,&quot;arrow_next_position&quot;:&quot;absolute&quot;}\" data-widget_type=\"pxl_slider.default\">\n\t\t\t\t<div class=\"elementor-widget-container\">\n\t\t\t\t\t\r\n<div class=\"pxl-sliders-wrap effect-slide split-text-off-scroll animation-off-scroll\">\r\n        <div class=\"pxl-slider-container\" dir=\"ltr\" data-settings=\"{&quot;slide_direction&quot;:&quot;horizontal&quot;,&quot;slide_percolumn&quot;:1,&quot;slide_percolumnfill&quot;:1,&quot;slide_mode&quot;:&quot;slide&quot;,&quot;slides_to_show&quot;:1,&quot;slides_to_scroll&quot;:1,&quot;slides_gutter&quot;:0,&quot;dots_style&quot;:&quot;bullets&quot;,&quot;dots_style_custom&quot;:&quot;&quot;,&quot;autoplay&quot;:true,&quot;pause_on_hover&quot;:false,&quot;pause_on_interaction&quot;:true,&quot;delay&quot;:5000,&quot;loop&quot;:true,&quot;speed&quot;:500,&quot;center_mode&quot;:false,&quot;split_text_on_scroll&quot;:false,&quot;animation_on_scroll&quot;:false}\">\r\n        <div class=\"pxl-slider-wrapper swiper-wrapper\" data-count=\"6\">\r\n                            <div class=\"pxl-slider-item swiper-slide\">\r\n\r\n                    \t\t<div data-elementor-type=\"wp-post\" data-elementor-id=\"8064\" class=\"elementor elementor-8064\">\n\t\t\t\t        <section class=\"elementor-section elementor-top-section elementor-element elementor-element-957f6cc elementor-section-height-min-height pxl-section-overflow-hidden-yes pxl-section-ken-burns pxl-ken-burns--in-out elementor-section-content-middle elementor-section-boxed elementor-section-height-default elementor-section-items-middle pxl-section-static-pos-no pxl-container-margin-auto-no\" data-id=\"957f6cc\" data-element_type=\"section\" data-settings=\"{&quot;background_background&quot;:&quot;classic&quot;}\">\n\n        <div class=\"pxl-section-bg-ken-burns\"><\/div>                    <div class=\"elementor-background-overlay\"><\/div>\n            \n                <div class=\"elementor-container elementor-column-gap-default \">\n                <div class=\"elementor-column elementor-col-100 elementor-top-column elementor-element elementor-element-1a6257d col-offset-none pxl-column-element-default pxl-column-overflow-hidden-no\" data-id=\"1a6257d\" data-element_type=\"column\">\r\n        <div class=\"elementor-widget-wrap\">\r\n                                        <\/div>\r\n        <\/div>\r\n        \t\t\t<\/div>\n\t\t<\/section>\n\t\t\t\t<\/div>\n\t\t                    \r\n                <\/div>\r\n                            <div class=\"pxl-slider-item swiper-slide\">\r\n\r\n                    \t\t<div data-elementor-type=\"wp-post\" data-elementor-id=\"1012535\" class=\"elementor elementor-1012535\">\n\t\t\t\t        <section class=\"elementor-section elementor-top-section elementor-element elementor-element-957f6cc elementor-section-height-min-height pxl-section-overflow-hidden-yes pxl-section-ken-burns pxl-ken-burns--in-out elementor-section-content-middle elementor-section-boxed elementor-section-height-default elementor-section-items-middle pxl-section-static-pos-no pxl-container-margin-auto-no\" data-id=\"957f6cc\" data-element_type=\"section\" data-settings=\"{&quot;background_background&quot;:&quot;classic&quot;}\">\n\n        <div class=\"pxl-section-bg-ken-burns\"><\/div>                    <div class=\"elementor-background-overlay\"><\/div>\n            \n                <div class=\"elementor-container elementor-column-gap-default \">\n                <div class=\"elementor-column elementor-col-100 elementor-top-column elementor-element elementor-element-1a6257d col-offset-none pxl-column-element-default pxl-column-overflow-hidden-no\" data-id=\"1a6257d\" data-element_type=\"column\">\r\n        <div class=\"elementor-widget-wrap\">\r\n                                        <\/div>\r\n        <\/div>\r\n        \t\t\t<\/div>\n\t\t<\/section>\n\t\t\t\t<\/div>\n\t\t                    \r\n                <\/div>\r\n                            <div class=\"pxl-slider-item swiper-slide\">\r\n\r\n                    \t\t<div data-elementor-type=\"wp-post\" data-elementor-id=\"1012556\" class=\"elementor elementor-1012556\">\n\t\t\t\t        <section class=\"elementor-section elementor-top-section elementor-element elementor-element-957f6cc elementor-section-height-min-height pxl-section-overflow-hidden-yes pxl-section-ken-burns pxl-ken-burns--in-out elementor-section-content-middle elementor-section-boxed elementor-section-height-default elementor-section-items-middle pxl-section-static-pos-no pxl-container-margin-auto-no\" data-id=\"957f6cc\" data-element_type=\"section\" data-settings=\"{&quot;background_background&quot;:&quot;classic&quot;}\">\n\n        <div class=\"pxl-section-bg-ken-burns\"><\/div>                    <div class=\"elementor-background-overlay\"><\/div>\n            \n                <div class=\"elementor-container elementor-column-gap-default \">\n                <div class=\"elementor-column elementor-col-100 elementor-top-column elementor-element elementor-element-1a6257d col-offset-none pxl-column-element-default pxl-column-overflow-hidden-no\" data-id=\"1a6257d\" data-element_type=\"column\">\r\n        <div class=\"elementor-widget-wrap\">\r\n                                        <\/div>\r\n        <\/div>\r\n        \t\t\t<\/div>\n\t\t<\/section>\n\t\t\t\t<\/div>\n\t\t                    \r\n                <\/div>\r\n                            <div class=\"pxl-slider-item swiper-slide\">\r\n\r\n                    \t\t<div data-elementor-type=\"wp-post\" data-elementor-id=\"1012557\" class=\"elementor elementor-1012557\">\n\t\t\t\t        <section class=\"elementor-section elementor-top-section elementor-element elementor-element-957f6cc elementor-section-height-min-height pxl-section-overflow-hidden-yes pxl-section-ken-burns pxl-ken-burns--in-out elementor-section-content-middle elementor-section-boxed elementor-section-height-default elementor-section-items-middle pxl-section-static-pos-no pxl-container-margin-auto-no\" data-id=\"957f6cc\" data-element_type=\"section\" data-settings=\"{&quot;background_background&quot;:&quot;classic&quot;}\">\n\n        <div class=\"pxl-section-bg-ken-burns\"><\/div>                    <div class=\"elementor-background-overlay\"><\/div>\n            \n                <div class=\"elementor-container elementor-column-gap-default \">\n                <div class=\"elementor-column elementor-col-100 elementor-top-column elementor-element elementor-element-1a6257d col-offset-none pxl-column-element-default pxl-column-overflow-hidden-no\" data-id=\"1a6257d\" data-element_type=\"column\">\r\n        <div class=\"elementor-widget-wrap\">\r\n                                        <\/div>\r\n        <\/div>\r\n        \t\t\t<\/div>\n\t\t<\/section>\n\t\t\t\t<\/div>\n\t\t                    \r\n                <\/div>\r\n                            <div class=\"pxl-slider-item swiper-slide\">\r\n\r\n                    \t\t<div data-elementor-type=\"wp-post\" data-elementor-id=\"1012561\" class=\"elementor elementor-1012561\">\n\t\t\t\t        <section class=\"elementor-section elementor-top-section elementor-element elementor-element-957f6cc elementor-section-height-min-height pxl-section-overflow-hidden-yes pxl-section-ken-burns pxl-ken-burns--in-out elementor-section-content-middle elementor-section-boxed elementor-section-height-default elementor-section-items-middle pxl-section-static-pos-no pxl-container-margin-auto-no\" data-id=\"957f6cc\" data-element_type=\"section\" data-settings=\"{&quot;background_background&quot;:&quot;classic&quot;}\">\n\n        <div class=\"pxl-section-bg-ken-burns\"><\/div>                    <div class=\"elementor-background-overlay\"><\/div>\n            \n                <div class=\"elementor-container elementor-column-gap-default \">\n                <div class=\"elementor-column elementor-col-100 elementor-top-column elementor-element elementor-element-1a6257d col-offset-none pxl-column-element-default pxl-column-overflow-hidden-no\" data-id=\"1a6257d\" data-element_type=\"column\">\r\n        <div class=\"elementor-widget-wrap\">\r\n                                        <\/div>\r\n        <\/div>\r\n        \t\t\t<\/div>\n\t\t<\/section>\n\t\t\t\t<\/div>\n\t\t                    \r\n                <\/div>\r\n                            <div class=\"pxl-slider-item swiper-slide\">\r\n\r\n                    \t\t<div data-elementor-type=\"wp-post\" data-elementor-id=\"1012560\" class=\"elementor elementor-1012560\">\n\t\t\t\t        <section class=\"elementor-section elementor-top-section elementor-element elementor-element-957f6cc elementor-section-height-min-height pxl-section-overflow-hidden-yes pxl-section-ken-burns pxl-ken-burns--in-out elementor-section-content-middle elementor-section-boxed elementor-section-height-default elementor-section-items-middle pxl-section-static-pos-no pxl-container-margin-auto-no\" data-id=\"957f6cc\" data-element_type=\"section\" data-settings=\"{&quot;background_background&quot;:&quot;classic&quot;}\">\n\n        <div class=\"pxl-section-bg-ken-burns\"><\/div>                    <div class=\"elementor-background-overlay\"><\/div>\n            \n                <div class=\"elementor-container elementor-column-gap-default \">\n                <div class=\"elementor-column elementor-col-100 elementor-top-column elementor-element elementor-element-1a6257d col-offset-none pxl-column-element-default pxl-column-overflow-hidden-no\" data-id=\"1a6257d\" data-element_type=\"column\">\r\n        <div class=\"elementor-widget-wrap\">\r\n                                        <\/div>\r\n        <\/div>\r\n        \t\t\t<\/div>\n\t\t<\/section>\n\t\t\t\t<\/div>\n\t\t                    \r\n                <\/div>\r\n                    <\/div>    \r\n\r\n                \t<div class=\"pxl-slider-arrow-wrap  pos-df style-icon layout-df  separate  \" data-settings=\"\">\r\n\t        \t<div class=\"pxl-slider-arrow pxl-slider-arrow-prev\">\r\n                        \t        \t    \t        \t\t<span aria-hidden=\"true\" class=\"pxl-icon pxli pxli-left-arrow\"><\/span>    \t        \t                    \r\n\t\t        <\/div>\r\n                 \r\n\t\t        <div class=\"pxl-slider-arrow pxl-slider-arrow-next\">\r\n                     \r\n                        \t        \t                        <span aria-hidden=\"true\" class=\"pxl-icon pxli pxli-right-arrow\"><\/span>    \t\t                            \r\n\t\t        <\/div>\r\n\t        <\/div> \r\n            \t    \r\n\t        <\/div>\r\n<\/div>\r\n  \r\n\t\t\t\t<\/div>\n\t\t\t\t<\/div>\n\t\t<div class=\"elementor-element elementor-element-98009d6 disattiva e-flex e-con-boxed e-con e-parent\" data-id=\"98009d6\" data-element_type=\"container\" data-settings=\"{&quot;position&quot;:&quot;absolute&quot;}\">\n\t\t\t\t\t\t\t<div class=\"e-con-inner\">\n\t\t\t\t<div class=\"elementor-element elementor-element-b86277e elementor-widget elementor-widget-pxl_text_editor\" data-id=\"b86277e\" data-element_type=\"widget\" data-widget_type=\"pxl_text_editor.default\">\n\t\t\t\t<div class=\"elementor-widget-container\">\n\t\t\t\t\t<div id=\"pxl_text_editor-b86277e-6985\" class=\"pxl-text-editor-wrap d-flex  pxl-animate pxl-invisible animated-normal\" data-settings=\"{&quot;animation&quot;:&quot;fadeIn&quot;,&quot;animation_delay&quot;:100}\" >\n\t<div class=\"pxl-text-editor elementor-clearfix pxl-split-text split-lines-transform\">\n\t\t<p>RESIDENZE ISOLE DI TOSCANA<\/p>\t\t\n\t<\/div>\n<\/div>\t\t\t\t<\/div>\n\t\t\t\t<\/div>\n\t\t\t\t<div class=\"elementor-element elementor-element-d9b9b93 elementor-widget elementor-widget-pxl_text_editor\" data-id=\"d9b9b93\" data-element_type=\"widget\" data-widget_type=\"pxl_text_editor.default\">\n\t\t\t\t<div class=\"elementor-widget-container\">\n\t\t\t\t\t<div id=\"pxl_text_editor-d9b9b93-9309\" class=\"pxl-text-editor-wrap d-flex \" >\n\t<div class=\"pxl-text-editor elementor-clearfix pxl-split-text split-lines-transform\">\n\t\t<p>Eigent\u00fcmerverwaltung und Vermietungsprogramm<\/p>\t\t\n\t<\/div>\n<\/div>\t\t\t\t<\/div>\n\t\t\t\t<\/div>\n\t\t\t\t\t<\/div>\n\t\t\t\t<\/div>\n\t\t                    <\/div>\r\n        <\/div>\r\n        \t\t\t<\/div>\n\t\t<\/section>\n\t\t        <section class=\"elementor-section elementor-top-section elementor-element elementor-element-e8573ea elementor-section-boxed elementor-section-height-default elementor-section-height-default pxl-section-static-pos-no pxl-section-overflow-hidden-no pxl-container-margin-auto-no\" data-id=\"e8573ea\" data-element_type=\"section\">\n\n                \n                <div class=\"elementor-container elementor-column-gap-default \">\n                <div class=\"elementor-column elementor-col-100 elementor-top-column elementor-element elementor-element-fc2f004 col-offset-none pxl-column-element-default pxl-column-overflow-hidden-no\" data-id=\"fc2f004\" data-element_type=\"column\">\r\n        <div class=\"elementor-widget-wrap elementor-element-populated\">\r\n                    \t\t<div class=\"elementor-element elementor-element-eccd459 elementor-invisible pxl-elementor-animate elementor-widget elementor-widget-pxl_text_editor\" data-id=\"eccd459\" data-element_type=\"widget\" data-settings=\"{&quot;_animation&quot;:&quot;fadeInUp&quot;}\" data-widget_type=\"pxl_text_editor.default\">\n\t\t\t\t<div class=\"elementor-widget-container\">\n\t\t\t\t\t<div id=\"pxl_text_editor-eccd459-9705\" class=\"pxl-text-editor-wrap d-flex \" >\n\t<div class=\"pxl-text-editor elementor-clearfix\">\n\t\t<h2 class=\"bloccoTesto-container__title title\">Ihr Wohnsitz, unsere Priorit\u00e4t<\/h2><div class=\"bloccoTesto-container__text text\"><h3>Entdecken Sie das Verwaltungs- und Vermietungsprogramm f\u00fcr Eigent\u00fcmer<\/h3><\/div>\t\t\n\t<\/div>\n<\/div>\t\t\t\t<\/div>\n\t\t\t\t<\/div>\n\t\t\t\t<div class=\"elementor-element elementor-element-c11b9ef elementor-widget elementor-widget-pxl_divider\" data-id=\"c11b9ef\" data-element_type=\"widget\" data-widget_type=\"pxl_divider.default\">\n\t\t\t\t<div class=\"elementor-widget-container\">\n\t\t\t\t\t<div class=\"pxl-divider horizontal animated normal\"><div class=\"pxl-divider-separator\"><\/div><\/div>\t\t\t\t<\/div>\n\t\t\t\t<\/div>\n\t\t\t\t<div class=\"elementor-element elementor-element-6d2a9af elementor-invisible pxl-elementor-animate elementor-widget elementor-widget-pxl_text_editor\" data-id=\"6d2a9af\" data-element_type=\"widget\" data-settings=\"{&quot;_animation&quot;:&quot;fadeInUp&quot;}\" data-widget_type=\"pxl_text_editor.default\">\n\t\t\t\t<div class=\"elementor-widget-container\">\n\t\t\t\t\t<div id=\"pxl_text_editor-6d2a9af-8969\" class=\"pxl-text-editor-wrap d-flex \" >\n\t<div class=\"pxl-text-editor elementor-clearfix\">\n\t\t<p>Stellen Sie sich vor, Sie besitzen eine sch\u00f6ne Residenz, ohne sich um die Verwaltung k\u00fcmmern zu m\u00fcssen.<\/p><p>Mit dem Eigent\u00fcmerverwaltungsprogramm von Marina di Scarlino Resort k\u00f6nnen Sie Ihre Immobilie in aller Ruhe genie\u00dfen. Wir k\u00fcmmern uns um die routinem\u00e4\u00dfige Wartung, den technischen Support, die Vorbereitung\/Schlie\u00dfung der Residenz, Wi-Fi und TV.<\/p><p>Wenn Sie ein Einkommen erzielen m\u00f6chten, k\u00fcmmert sich unser Vermietungsprogramm um alles: Werbung, Buchungen, G\u00e4steempfang, Reinigung und Steuererkl\u00e4rung.<\/p><p>Entscheiden Sie sich f\u00fcr Komfort, Professionalit\u00e4t und Seelenfrieden: Ihre Residenz, unsere Priorit\u00e4t<br \/>Entdecken Sie die Eigent\u00fcmerverwaltung und das Vermietungsprogramm<\/p>\t\t\n\t<\/div>\n<\/div>\t\t\t\t<\/div>\n\t\t\t\t<\/div>\n\t\t                    <\/div>\r\n        <\/div>\r\n        \t\t\t<\/div>\n\t\t<\/section>\n\t\t        <section class=\"elementor-section elementor-top-section elementor-element elementor-element-e58521c clip-path-3 elementor-section-content-middle elementor-section-boxed elementor-section-height-default elementor-section-height-default pxl-section-static-pos-no pxl-section-overflow-hidden-no pxl-container-margin-auto-no\" data-id=\"e58521c\" data-element_type=\"section\" data-settings=\"{&quot;background_background&quot;:&quot;classic&quot;}\">\n\n                \n                <div class=\"elementor-container elementor-column-gap-default \">\n                <div class=\"elementor-column elementor-col-50 elementor-top-column elementor-element elementor-element-d66ece1 col-offset-none pxl-column-element-default pxl-column-overflow-hidden-no\" data-id=\"d66ece1\" data-element_type=\"column\">\r\n        <div class=\"elementor-widget-wrap elementor-element-populated\">\r\n                    \t\t<div class=\"elementor-element elementor-element-c9bfddf elementor-widget elementor-widget-pxl_heading\" data-id=\"c9bfddf\" data-element_type=\"widget\" data-widget_type=\"pxl_heading.default\">\n\t\t\t\t<div class=\"elementor-widget-container\">\n\t\t\t\t\t<div class=\"pxl-heading-wrap d-flex\">\n    <div class=\"pxl-heading-inner  \">\n                <h2 class=\"heading-title\">\n                        RENTAL PROGRAMME         <\/h2>\n            <\/div>\n<\/div>\n\n\t\t\t\t<\/div>\n\t\t\t\t<\/div>\n\t\t\t\t<div class=\"elementor-element elementor-element-5347b09 elementor-widget-tablet__width-initial elementor-widget-mobile_extra__width-inherit elementor-widget-laptop__width-initial elementor-widget elementor-widget-pxl_text_editor\" data-id=\"5347b09\" data-element_type=\"widget\" data-widget_type=\"pxl_text_editor.default\">\n\t\t\t\t<div class=\"elementor-widget-container\">\n\t\t\t\t\t<div id=\"pxl_text_editor-5347b09-9140\" class=\"pxl-text-editor-wrap d-flex \" >\n\t<div class=\"pxl-text-editor elementor-clearfix\">\n\t\t<p>Wenn Du nicht zu Hause bist k\u00fcmmert sich das Resort um alles, von der Werbung bis zur Endreinigung der Wohnung.<\/p><p>Wir werden uns um alle Aspekte Deiner Mieteigenschaft k\u00fcmmern, einschlie\u00dflich:<\/p><ul><li>Werbung deiner Immobilie an ein breites Publikum.<\/li><li>Verwaltung aller Anfragen und Reservierungen.<\/li><li>Begr\u00fc\u00dfung und Unterst\u00fctzung der G\u00e4ste w\u00e4hrend ihres Aufenthalts.<\/li><li>Reinigung und Instandhaltung Deiner Immobilie.<\/li><li>Abrechnung und steuerliche Pflichten.<\/li><\/ul><p><strong>Wie es funktioniert<\/strong><br \/>Nach Mitteilung der Verf\u00fcgbarkeit f\u00fcr das kommende Jahr, erh\u00e4ltst Du 50% der Nettoeinnahmen aus der Vermietung (ohne Mehrwertsteuer, Kurtaxe, Minibar, Behandlungen und\/ oder anderen Dienstleistungen).<\/p><p><strong>Anforderungen<\/strong><br \/>Die Einheiten m\u00fcssen den Standardlayouts und -m\u00f6beln des Marina di Scarlino Resorts entsprechen.<\/p><p><strong>Teilnahmebedingungen<\/strong><br \/>&#8211; Die Teilnahme am Rental Programme ist im Managementvertrag vorgesehen, die Verf\u00fcgbarkeit der Einheit liegt jedoch im Ermessen des Eigent\u00fcmers.<\/p><p>&#8211; Das Resort hat das alleinige Ermessen, alle Modalit\u00e4ten der F\u00f6rderung, Verteilung und des Verkaufs der Einheit festzulegen, einschlie\u00dflich Preise, Rabatte, Mindestaufenthaltszeiten und Zusatzleistungen.<\/p>\t\t\n\t<\/div>\n<\/div>\t\t\t\t<\/div>\n\t\t\t\t<\/div>\n\t\t\t\t<div class=\"elementor-element elementor-element-9d71900 elementor-button-warning elementor-align-left elementor-widget elementor-widget-button\" data-id=\"9d71900\" data-element_type=\"widget\" data-widget_type=\"button.default\">\n\t\t\t\t<div class=\"elementor-widget-container\">\n\t\t\t\t\t\t\t\t\t<div class=\"elementor-button-wrapper\">\n\t\t\t\t\t<a class=\"elementor-button elementor-button-link elementor-size-sm\" href=\"#form-info\" target=\"_blank\">\n\t\t\t\t\t\t<span class=\"elementor-button-content-wrapper\">\n\t\t\t\t\t\t\t\t\t<span class=\"elementor-button-text\">Kontakt<\/span>\n\t\t\t\t\t<\/span>\n\t\t\t\t\t<\/a>\n\t\t\t\t<\/div>\n\t\t\t\t\t\t\t\t<\/div>\n\t\t\t\t<\/div>\n\t\t                    <\/div>\r\n        <\/div>\r\n                <div class=\"elementor-column elementor-col-50 elementor-top-column elementor-element elementor-element-0429039 col-offset-none pxl-column-element-default pxl-column-overflow-hidden-no\" data-id=\"0429039\" data-element_type=\"column\">\r\n        <div class=\"elementor-widget-wrap elementor-element-populated\">\r\n                    \t\t<div class=\"elementor-element elementor-element-e82d06e elementor-hidden-tablet elementor-widget elementor-widget-pxl_image\" data-id=\"e82d06e\" data-element_type=\"widget\" data-widget_type=\"pxl_image.default\">\n\t\t\t\t<div class=\"elementor-widget-container\">\n\t\t\t\t\t<div id=\"pxl_image-e82d06e-3540\" class=\"pxl-image-wg pxl-skew-in-right default pxl-bg-parallax pxl-pll-transform\">\r\n\t\t\t<img fetchpriority=\"high\" decoding=\"async\" width=\"1024\" height=\"768\" src=\"https:\/\/residenzeisoleditoscana.com\/wp3\/wp-content\/uploads\/2025\/02\/camera21.jpg\" class=\"attachment-full size-full wp-image-1012122\" alt=\"\" srcset=\"https:\/\/residenzeisoleditoscana.com\/wp3\/wp-content\/uploads\/2025\/02\/camera21.jpg 1024w, https:\/\/residenzeisoleditoscana.com\/wp3\/wp-content\/uploads\/2025\/02\/camera21-768x576.jpg 768w, https:\/\/residenzeisoleditoscana.com\/wp3\/wp-content\/uploads\/2025\/02\/camera21-947x710.jpg 947w\" sizes=\"(max-width: 1024px) 100vw, 1024px\" \/>\t\t\t\t\t<div class=\"parallax-inner\" data-parallax=\"{&quot;x&quot;:-50}\"  style=\"--pxl-image-bg-parallax-inner: url(https:\/\/residenzeisoleditoscana.com\/wp3\/wp-content\/uploads\/2025\/02\/camera21.jpg)\"><\/div>\r\n\t\t\t<\/div>\r\n\t\t\t\t<\/div>\n\t\t\t\t<\/div>\n\t\t                    <\/div>\r\n        <\/div>\r\n        \t\t\t<\/div>\n\t\t<\/section>\n\t\t        <section class=\"elementor-section elementor-top-section elementor-element elementor-element-b34f2fb clip-path-3l elementor-section-content-middle elementor-section-boxed elementor-section-height-default elementor-section-height-default pxl-section-static-pos-no pxl-section-overflow-hidden-no pxl-container-margin-auto-no\" data-id=\"b34f2fb\" data-element_type=\"section\" data-settings=\"{&quot;background_background&quot;:&quot;classic&quot;}\">\n\n                \n                <div class=\"elementor-container elementor-column-gap-default \">\n                <div class=\"elementor-column elementor-col-50 elementor-top-column elementor-element elementor-element-91a5a30 col-offset-none pxl-column-element-default pxl-column-overflow-hidden-no\" data-id=\"91a5a30\" data-element_type=\"column\">\r\n        <div class=\"elementor-widget-wrap elementor-element-populated\">\r\n                    \t\t<div class=\"elementor-element elementor-element-d3bac9b elementor-hidden-tablet elementor-widget elementor-widget-pxl_image\" data-id=\"d3bac9b\" data-element_type=\"widget\" data-widget_type=\"pxl_image.default\">\n\t\t\t\t<div class=\"elementor-widget-container\">\n\t\t\t\t\t<div id=\"pxl_image-d3bac9b-2192\" class=\"pxl-image-wg pxl-skew-in-right default pxl-bg-parallax pxl-pll-transform\">\r\n\t\t\t<img decoding=\"async\" width=\"1024\" height=\"768\" src=\"https:\/\/residenzeisoleditoscana.com\/wp3\/wp-content\/uploads\/2025\/02\/salotto21.jpg\" class=\"attachment-full size-full wp-image-1012110\" alt=\"\" srcset=\"https:\/\/residenzeisoleditoscana.com\/wp3\/wp-content\/uploads\/2025\/02\/salotto21.jpg 1024w, https:\/\/residenzeisoleditoscana.com\/wp3\/wp-content\/uploads\/2025\/02\/salotto21-768x576.jpg 768w, https:\/\/residenzeisoleditoscana.com\/wp3\/wp-content\/uploads\/2025\/02\/salotto21-947x710.jpg 947w\" sizes=\"(max-width: 1024px) 100vw, 1024px\" \/>\t\t\t\t\t<div class=\"parallax-inner\" data-parallax=\"{&quot;x&quot;:-50}\"  style=\"--pxl-image-bg-parallax-inner: url(https:\/\/residenzeisoleditoscana.com\/wp3\/wp-content\/uploads\/2025\/02\/salotto21.jpg)\"><\/div>\r\n\t\t\t<\/div>\r\n\t\t\t\t<\/div>\n\t\t\t\t<\/div>\n\t\t                    <\/div>\r\n        <\/div>\r\n                <div class=\"elementor-column elementor-col-50 elementor-top-column elementor-element elementor-element-c94a02d col-offset-none pxl-column-element-default pxl-column-overflow-hidden-no\" data-id=\"c94a02d\" data-element_type=\"column\">\r\n        <div class=\"elementor-widget-wrap elementor-element-populated\">\r\n                    \t\t<div class=\"elementor-element elementor-element-45db42f elementor-widget elementor-widget-pxl_heading\" data-id=\"45db42f\" data-element_type=\"widget\" data-widget_type=\"pxl_heading.default\">\n\t\t\t\t<div class=\"elementor-widget-container\">\n\t\t\t\t\t<div class=\"pxl-heading-wrap d-flex\">\n    <div class=\"pxl-heading-inner  \">\n                <h2 class=\"heading-title\">\n                        Owner Management Programme         <\/h2>\n            <\/div>\n<\/div>\n\n\t\t\t\t<\/div>\n\t\t\t\t<\/div>\n\t\t\t\t<div class=\"elementor-element elementor-element-efe51af elementor-widget-tablet__width-initial elementor-widget-mobile_extra__width-inherit elementor-widget elementor-widget-pxl_text_editor\" data-id=\"efe51af\" data-element_type=\"widget\" data-widget_type=\"pxl_text_editor.default\">\n\t\t\t\t<div class=\"elementor-widget-container\">\n\t\t\t\t\t<div id=\"pxl_text_editor-efe51af-7814\" class=\"pxl-text-editor-wrap d-flex \" >\n\t<div class=\"pxl-text-editor elementor-clearfix\">\n\t\t<p>Das Owner Management Programme ist eine j\u00e4hrliche Verwaltungsgeb\u00fchr mit j\u00e4hrlichen Kosten von 1.800 Euro, die es Dir erm\u00f6glicht, Deine Residenz zu genie\u00dfen, ohne Dich um Wartung oder andere praktische Aspekte k\u00fcmmern zu m\u00fcssen.<\/p><p>Die Vorteile umfassen:<\/p><ul><li>Residenzverwaltungsdienste: Ein Team von Fachleuten k\u00fcmmert sich um alle notwendigen Aktivit\u00e4ten, um Deine Wohnung in einwandfreiem Zustand zu halten.<\/li><li>Routinem\u00e4\u00dfige Instandhaltung (ohne Ersatzteile): Um sicherzustellen, dass Deine Immobilie immer in einwandfreiem Zustand ist.<\/li><li>Technische Unterst\u00fctzung bei au\u00dferordentlichen Wartungsarbeiten: Um bei St\u00f6rungen oder Fehlfunktionen zu intervenieren.<\/li><li>Vorbereitung\/Schlie\u00dfung der Wohnung zur privaten Nutzung (ohne Reinigungsservice): Ein Team von Fachleuten bereitet Deine Wohnung f\u00fcr Deine Ankunft vor oder schlie\u00dft sie am Ende Deines Aufenthalts.<\/li><li>Administrative Berichterstattung: Ein umfassender \u00dcberblick \u00fcber die Verwaltungssituation Deiner Immobilie.<\/li><li>Wi-Fi-Verbindung: Eine schnelle und stabile Verbindung, um immer verbunden zu bleiben.<\/li><li>TV mit nationalen &amp; internationalen Kan\u00e4len: Eine Auswahl an Kan\u00e4len zur Unterhaltung der ganzen Familie.<\/li><\/ul>\t\t\n\t<\/div>\n<\/div>\t\t\t\t<\/div>\n\t\t\t\t<\/div>\n\t\t\t\t<div class=\"elementor-element elementor-element-ff6682a elementor-button-warning elementor-align-left elementor-widget elementor-widget-button\" data-id=\"ff6682a\" data-element_type=\"widget\" data-widget_type=\"button.default\">\n\t\t\t\t<div class=\"elementor-widget-container\">\n\t\t\t\t\t\t\t\t\t<div class=\"elementor-button-wrapper\">\n\t\t\t\t\t<a class=\"elementor-button elementor-button-link elementor-size-sm\" href=\"#form-info\" target=\"_blank\">\n\t\t\t\t\t\t<span class=\"elementor-button-content-wrapper\">\n\t\t\t\t\t\t\t\t\t<span class=\"elementor-button-text\">Kontakt<\/span>\n\t\t\t\t\t<\/span>\n\t\t\t\t\t<\/a>\n\t\t\t\t<\/div>\n\t\t\t\t\t\t\t\t<\/div>\n\t\t\t\t<\/div>\n\t\t                    <\/div>\r\n        <\/div>\r\n        \t\t\t<\/div>\n\t\t<\/section>\n\t\t<div class=\"elementor-element elementor-element-134b77a e-flex e-con-boxed e-con e-parent\" data-id=\"134b77a\" data-element_type=\"container\" data-settings=\"{&quot;background_background&quot;:&quot;classic&quot;}\">\n\t\t\t\t\t\t\t<div class=\"e-con-inner\">\n\t\t\t\t<div class=\"elementor-element elementor-element-09a07e8 elementor-invisible pxl-elementor-animate elementor-widget elementor-widget-pxl_text_editor\" data-id=\"09a07e8\" data-element_type=\"widget\" data-settings=\"{&quot;_animation&quot;:&quot;fadeInUp&quot;}\" data-widget_type=\"pxl_text_editor.default\">\n\t\t\t\t<div class=\"elementor-widget-container\">\n\t\t\t\t\t<div id=\"pxl_text_editor-09a07e8-1741\" class=\"pxl-text-editor-wrap d-flex \" >\n\t<div class=\"pxl-text-editor elementor-clearfix\">\n\t\t<h2 style=\"color: #fff;\">Vereinbare einen Termin<\/h2><p>M\u00f6chtest Du die Sch\u00f6nheit der Residenze Isole di Toscana pers\u00f6nlich sehen?<br \/>Plane gleich heute einen Termin mit uns und erlebe etwas Einzigartiges.<\/p><p>Hinterlasse uns Deine Kontaktdaten, und wir werden uns mit Dir in Verbindung setzen, um Dir weitere Informationen zu geben oder einen Termin zur Besichtigung der Wohnungen zu vereinbaren.<\/p>\t\t\n\t<\/div>\n<\/div>\t\t\t\t<\/div>\n\t\t\t\t<\/div>\n\t\t\t\t<div class=\"elementor-element elementor-element-562d929 elementor-widget elementor-widget-shortcode\" data-id=\"562d929\" data-element_type=\"widget\" data-widget_type=\"shortcode.default\">\n\t\t\t\t<div class=\"elementor-widget-container\">\n\t\t\t\t\t\t\t<div class=\"elementor-shortcode\"><style type=\"text\/css\">.super-form-1012740 > * {visibility:hidden;}<\/style><div id=\"super-form-1012740\" style=\"margin:0px 0px 0px 0px;\"class=\"super-form super-form-1012740 style-default super-default-rounded super-field-size-huge\" data-hide=\"true\" data-field-size=\"huge\"><form autocomplete=\"on\"><input type=\"text\" name=\"super_hp\" size=\"25\" value=\"\" \/><div class=\"super-shortcode super-field super-hidden\"><input class=\"super-shortcode-field\" type=\"hidden\" value=\"1012740\" name=\"hidden_form_id\" \/><\/div><div class=\"super-grid super-shortcode\"><div class=\"super-shortcode super_one_full super-column column-number-1 grid-level-0 first-column \"><div class=\"super-grid super-shortcode\"><div class=\"super-shortcode super_one_half super-column column-number-1 grid-level-1 first-column \"><div class=\"super-shortcode super-field super-text bottom-left ungrouped  \"><div class=\"super-field-wrapper\"><input class=\"super-shortcode-field\" type=\"text\" name=\"first_name\" data-validation=\"empty\" data-email=\"Nome:\" data-default-value=\"\" placeholder=\"Name\" \/><\/div><\/div><\/div><div class=\"super-shortcode super_one_half super-column column-number-2 grid-level-1  \"><div class=\"super-shortcode super-field super-text bottom-left ungrouped  \"><div class=\"super-field-wrapper\"><input class=\"super-shortcode-field\" type=\"text\" name=\"last_name\" data-validation=\"empty\" data-email=\"Cognome:\" data-default-value=\"\" placeholder=\"Nachnamen\" \/><\/div><\/div><\/div><\/div><\/div><\/div><div class=\"super-grid super-shortcode\"><div class=\"super-shortcode super_one_full super-column column-number-1 grid-level-0 first-column \"><div class=\"super-shortcode super-field super-text bottom-left ungrouped  \"><div class=\"super-field-wrapper\"><input class=\"super-shortcode-field\" type=\"text\" name=\"email\" data-validation=\"email\" data-email=\"Email:\" data-default-value=\"\" placeholder=\"Email\" \/><\/div><\/div><div class=\"super-shortcode super-field super-text bottom-left ungrouped  \"><div class=\"super-field-wrapper\"><input class=\"super-shortcode-field\" type=\"text\" name=\"phonenumber\" data-validation=\"phone\" data-may-be-empty=\"true\" data-email=\"Tel:\" data-default-value=\"\" placeholder=\"Telefon\" \/><\/div><\/div><\/div><\/div><div class=\"super-grid super-shortcode\"><div class=\"super-shortcode super_one_full super-column column-number-1 grid-level-0 first-column \"><div class=\"super-shortcode super-field super-textarea bottom-left ungrouped  \"><div class=\"super-field-wrapper\"><textarea class=\"super-shortcode-field\" name=\"question\" data-email=\"Messaggio:\" data-default-value=\"\" placeholder=\"Nachricht\" ><\/textarea><\/div><\/div><div class=\"super-shortcode super-field super-checkbox bottom-left ungrouped   display-vertical\"><div class=\"super-field-wrapper\"><label class=\"\"><input  type=\"checkbox\" value=\"accepted\" \/><p>Ich genehmige die Verarbeitung personenbezogener Daten wie in der Privatsph\u00e4re geschrieben. <a href=\"https:\/\/www.residenzeisoleditoscana.com\/it\/privacy\" style=\"color:#fff\" aria-label=\"nota informativa\">Privacy policy<\/a><\/p><\/label><input class=\"super-shortcode-field\" type=\"hidden\" name=\"privacy\" value=\"\" data-validation=\"empty\" data-email=\"Privacy:\" data-default-value=\"\" \/><\/div><\/div><\/div><\/div><div data-color=\"#aa998a\" data-light=\"#bead9e\" data-dark=\"#8c7b6c\" data-hover-color=\"#606060\" data-hover-light=\"#747474\" data-hover-dark=\"#424242\" data-font=\"#ffffff\" data-font-hover=\"#ffffff\" data-radius=\"square\" data-type=\"flat\" class=\"super-extra-shortcode super-shortcode super-field super-form-button super-clear-none super-button super-radius-square super-type-flat super-button-large super-button-align-left super-button-width-auto\"><div data-href=\"\" class=\"super-button-wrap no_link\"><div class=\"super-button-name\" data-action=\"submit\" data-status=\"\" data-status-update=\"\" data-loading=\"Loading...\">SENDEN<\/div><span class=\"super-after\"><\/span><\/div><\/div><\/form><span class=\"super-load-icon\"><\/span><\/div><\/div>\n\t\t\t\t\t\t<\/div>\n\t\t\t\t<\/div>\n\t\t\t\t\t<\/div>\n\t\t\t\t<\/div>\n\t\t\t\t<\/div>\n\t\t","protected":false},"excerpt":{"rendered":"<p>RESIDENZE ISOLE DI TOSCANA Eigent\u00fcmerverwaltung und Vermietungsprogramm Ihr Wohnsitz, unsere Priorit\u00e4t Entdecken Sie das Verwaltungs- und Vermietungsprogramm f\u00fcr Eigent\u00fcmer Stellen Sie sich vor, Sie besitzen eine sch\u00f6ne Residenz, ohne sich um die Verwaltung k\u00fcmmern zu m\u00fcssen. Mit dem Eigent\u00fcmerverwaltungsprogramm von Marina di Scarlino Resort k\u00f6nnen Sie Ihre Immobilie in aller Ruhe genie\u00dfen. Wir k\u00fcmmern uns [&hellip;]<\/p>\n","protected":false},"author":6,"featured_media":0,"parent":0,"menu_order":0,"comment_status":"closed","ping_status":"closed","template":"","meta":{"_monsterinsights_skip_tracking":false,"_monsterinsights_sitenote_active":false,"_monsterinsights_sitenote_note":"","_monsterinsights_sitenote_category":0,"_uf_show_specific_survey":0,"_uf_disable_surveys":false,"footnotes":""},"class_list":["post-1013059","page","type-page","status-publish","hentry"],"yoast_head":"<!-- This site is optimized with the Yoast SEO plugin v25.4 - https:\/\/yoast.com\/wordpress\/plugins\/seo\/ -->\n<title>Offizielle Website Residenze Isole di Toscana in Scarlino | Buchen<\/title>\n<meta name=\"description\" content=\"Exklusive Immobilien am Meer in der Toskana zu verkaufen. Entdecken Sie unsere luxuri\u00f6sen H\u00e4user, Wohnungen und Villen inmitten der Natur. Ideal f\u00fcr unvergessliche Urlaube oder als hochwertige Kapitalanlage\" \/>\n<meta name=\"robots\" content=\"index, follow, max-snippet:-1, max-image-preview:large, max-video-preview:-1\" \/>\n<link rel=\"canonical\" href=\"https:\/\/residenzeisoleditoscana.com\/de\/rentalprogram-de\/\" \/>\n<meta property=\"og:locale\" content=\"de_DE\" \/>\n<meta property=\"og:type\" content=\"article\" \/>\n<meta property=\"og:title\" content=\"Offizielle Website Residenze Isole di Toscana in Scarlino | Buchen\" \/>\n<meta property=\"og:description\" content=\"Exklusive Immobilien am Meer in der Toskana zu verkaufen. Entdecken Sie unsere luxuri\u00f6sen H\u00e4user, Wohnungen und Villen inmitten der Natur. Ideal f\u00fcr unvergessliche Urlaube oder als hochwertige Kapitalanlage\" \/>\n<meta property=\"og:url\" content=\"https:\/\/residenzeisoleditoscana.com\/de\/rentalprogram-de\/\" \/>\n<meta property=\"og:site_name\" content=\"Residenze Isole di Toscana - Marina di Scarlino\" \/>\n<meta property=\"article:modified_time\" content=\"2025-06-20T13:01:03+00:00\" \/>\n<meta property=\"og:image\" content=\"https:\/\/residenzeisoleditoscana.com\/wp3\/wp-content\/uploads\/2025\/02\/camera21.jpg\" \/>\n\t<meta property=\"og:image:width\" content=\"1024\" \/>\n\t<meta property=\"og:image:height\" content=\"768\" \/>\n\t<meta property=\"og:image:type\" content=\"image\/jpeg\" \/>\n<meta name=\"twitter:card\" content=\"summary_large_image\" \/>\n<meta name=\"twitter:label1\" content=\"Est. reading time\" \/>\n\t<meta name=\"twitter:data1\" content=\"3 minutes\" \/>\n<script type=\"application\/ld+json\" class=\"yoast-schema-graph\">{\"@context\":\"https:\/\/schema.org\",\"@graph\":[{\"@type\":\"WebPage\",\"@id\":\"https:\/\/residenzeisoleditoscana.com\/de\/rentalprogram-de\/\",\"url\":\"https:\/\/residenzeisoleditoscana.com\/de\/rentalprogram-de\/\",\"name\":\"Offizielle Website Residenze Isole di Toscana in Scarlino | Buchen\",\"isPartOf\":{\"@id\":\"https:\/\/residenzeisoleditoscana.com\/de\/#website\"},\"primaryImageOfPage\":{\"@id\":\"https:\/\/residenzeisoleditoscana.com\/de\/rentalprogram-de\/#primaryimage\"},\"image\":{\"@id\":\"https:\/\/residenzeisoleditoscana.com\/de\/rentalprogram-de\/#primaryimage\"},\"thumbnailUrl\":\"https:\/\/residenzeisoleditoscana.com\/wp3\/wp-content\/uploads\/2025\/02\/camera21.jpg\",\"datePublished\":\"2025-06-20T12:43:36+00:00\",\"dateModified\":\"2025-06-20T13:01:03+00:00\",\"description\":\"Exklusive Immobilien am Meer in der Toskana zu verkaufen. Entdecken Sie unsere luxuri\u00f6sen H\u00e4user, Wohnungen und Villen inmitten der Natur. Ideal f\u00fcr unvergessliche Urlaube oder als hochwertige Kapitalanlage\",\"breadcrumb\":{\"@id\":\"https:\/\/residenzeisoleditoscana.com\/de\/rentalprogram-de\/#breadcrumb\"},\"inLanguage\":\"de-DE\",\"potentialAction\":[{\"@type\":\"ReadAction\",\"target\":[\"https:\/\/residenzeisoleditoscana.com\/de\/rentalprogram-de\/\"]}]},{\"@type\":\"ImageObject\",\"inLanguage\":\"de-DE\",\"@id\":\"https:\/\/residenzeisoleditoscana.com\/de\/rentalprogram-de\/#primaryimage\",\"url\":\"https:\/\/residenzeisoleditoscana.com\/wp3\/wp-content\/uploads\/2025\/02\/camera21.jpg\",\"contentUrl\":\"https:\/\/residenzeisoleditoscana.com\/wp3\/wp-content\/uploads\/2025\/02\/camera21.jpg\"},{\"@type\":\"BreadcrumbList\",\"@id\":\"https:\/\/residenzeisoleditoscana.com\/de\/rentalprogram-de\/#breadcrumb\",\"itemListElement\":[{\"@type\":\"ListItem\",\"position\":1,\"name\":\"Home\",\"item\":\"https:\/\/residenzeisoleditoscana.com\/de\/\"},{\"@type\":\"ListItem\",\"position\":2,\"name\":\"Rental Program DE\"}]},{\"@type\":\"WebSite\",\"@id\":\"https:\/\/residenzeisoleditoscana.com\/de\/#website\",\"url\":\"https:\/\/residenzeisoleditoscana.com\/de\/\",\"name\":\"Residenze Isole di Toscana - Marina di Scarlino\",\"description\":\"UN PARADISO SU MISURA Immagina di svegliarti la mattina e affacciarti dalla finestra della tua nuova casa con una vista panoramica sull\u2019arcipelago toscano.\",\"publisher\":{\"@id\":\"https:\/\/residenzeisoleditoscana.com\/de\/#organization\"},\"potentialAction\":[{\"@type\":\"SearchAction\",\"target\":{\"@type\":\"EntryPoint\",\"urlTemplate\":\"https:\/\/residenzeisoleditoscana.com\/de\/?s={search_term_string}\"},\"query-input\":{\"@type\":\"PropertyValueSpecification\",\"valueRequired\":true,\"valueName\":\"search_term_string\"}}],\"inLanguage\":\"de-DE\"},{\"@type\":\"Organization\",\"@id\":\"https:\/\/residenzeisoleditoscana.com\/de\/#organization\",\"name\":\"Residenze Isole di Toscana\",\"url\":\"https:\/\/residenzeisoleditoscana.com\/de\/\",\"logo\":{\"@type\":\"ImageObject\",\"inLanguage\":\"de-DE\",\"@id\":\"https:\/\/residenzeisoleditoscana.com\/de\/#\/schema\/logo\/image\/\",\"url\":\"https:\/\/residenzeisoleditoscana.com\/wp3\/wp-content\/uploads\/2025\/01\/logo.webp\",\"contentUrl\":\"https:\/\/residenzeisoleditoscana.com\/wp3\/wp-content\/uploads\/2025\/01\/logo.webp\",\"width\":402,\"height\":150,\"caption\":\"Residenze Isole di Toscana\"},\"image\":{\"@id\":\"https:\/\/residenzeisoleditoscana.com\/de\/#\/schema\/logo\/image\/\"}}]}<\/script>\n<!-- \/ Yoast SEO plugin. -->","yoast_head_json":{"title":"Offizielle Website Residenze Isole di Toscana in Scarlino | Buchen","description":"Exklusive Immobilien am Meer in der Toskana zu verkaufen. Entdecken Sie unsere luxuri\u00f6sen H\u00e4user, Wohnungen und Villen inmitten der Natur. Ideal f\u00fcr unvergessliche Urlaube oder als hochwertige Kapitalanlage","robots":{"index":"index","follow":"follow","max-snippet":"max-snippet:-1","max-image-preview":"max-image-preview:large","max-video-preview":"max-video-preview:-1"},"canonical":"https:\/\/residenzeisoleditoscana.com\/de\/rentalprogram-de\/","og_locale":"de_DE","og_type":"article","og_title":"Offizielle Website Residenze Isole di Toscana in Scarlino | Buchen","og_description":"Exklusive Immobilien am Meer in der Toskana zu verkaufen. Entdecken Sie unsere luxuri\u00f6sen H\u00e4user, Wohnungen und Villen inmitten der Natur. Ideal f\u00fcr unvergessliche Urlaube oder als hochwertige Kapitalanlage","og_url":"https:\/\/residenzeisoleditoscana.com\/de\/rentalprogram-de\/","og_site_name":"Residenze Isole di Toscana - Marina di Scarlino","article_modified_time":"2025-06-20T13:01:03+00:00","og_image":[{"width":1024,"height":768,"url":"https:\/\/residenzeisoleditoscana.com\/wp3\/wp-content\/uploads\/2025\/02\/camera21.jpg","type":"image\/jpeg"}],"twitter_card":"summary_large_image","twitter_misc":{"Est. reading time":"3 minutes"},"schema":{"@context":"https:\/\/schema.org","@graph":[{"@type":"WebPage","@id":"https:\/\/residenzeisoleditoscana.com\/de\/rentalprogram-de\/","url":"https:\/\/residenzeisoleditoscana.com\/de\/rentalprogram-de\/","name":"Offizielle Website Residenze Isole di Toscana in Scarlino | Buchen","isPartOf":{"@id":"https:\/\/residenzeisoleditoscana.com\/de\/#website"},"primaryImageOfPage":{"@id":"https:\/\/residenzeisoleditoscana.com\/de\/rentalprogram-de\/#primaryimage"},"image":{"@id":"https:\/\/residenzeisoleditoscana.com\/de\/rentalprogram-de\/#primaryimage"},"thumbnailUrl":"https:\/\/residenzeisoleditoscana.com\/wp3\/wp-content\/uploads\/2025\/02\/camera21.jpg","datePublished":"2025-06-20T12:43:36+00:00","dateModified":"2025-06-20T13:01:03+00:00","description":"Exklusive Immobilien am Meer in der Toskana zu verkaufen. Entdecken Sie unsere luxuri\u00f6sen H\u00e4user, Wohnungen und Villen inmitten der Natur. Ideal f\u00fcr unvergessliche Urlaube oder als hochwertige Kapitalanlage","breadcrumb":{"@id":"https:\/\/residenzeisoleditoscana.com\/de\/rentalprogram-de\/#breadcrumb"},"inLanguage":"de-DE","potentialAction":[{"@type":"ReadAction","target":["https:\/\/residenzeisoleditoscana.com\/de\/rentalprogram-de\/"]}]},{"@type":"ImageObject","inLanguage":"de-DE","@id":"https:\/\/residenzeisoleditoscana.com\/de\/rentalprogram-de\/#primaryimage","url":"https:\/\/residenzeisoleditoscana.com\/wp3\/wp-content\/uploads\/2025\/02\/camera21.jpg","contentUrl":"https:\/\/residenzeisoleditoscana.com\/wp3\/wp-content\/uploads\/2025\/02\/camera21.jpg"},{"@type":"BreadcrumbList","@id":"https:\/\/residenzeisoleditoscana.com\/de\/rentalprogram-de\/#breadcrumb","itemListElement":[{"@type":"ListItem","position":1,"name":"Home","item":"https:\/\/residenzeisoleditoscana.com\/de\/"},{"@type":"ListItem","position":2,"name":"Rental Program DE"}]},{"@type":"WebSite","@id":"https:\/\/residenzeisoleditoscana.com\/de\/#website","url":"https:\/\/residenzeisoleditoscana.com\/de\/","name":"Residenze Isole di Toscana - Marina di Scarlino","description":"UN PARADISO SU MISURA Immagina di svegliarti la mattina e affacciarti dalla finestra della tua nuova casa con una vista panoramica sull\u2019arcipelago toscano.","publisher":{"@id":"https:\/\/residenzeisoleditoscana.com\/de\/#organization"},"potentialAction":[{"@type":"SearchAction","target":{"@type":"EntryPoint","urlTemplate":"https:\/\/residenzeisoleditoscana.com\/de\/?s={search_term_string}"},"query-input":{"@type":"PropertyValueSpecification","valueRequired":true,"valueName":"search_term_string"}}],"inLanguage":"de-DE"},{"@type":"Organization","@id":"https:\/\/residenzeisoleditoscana.com\/de\/#organization","name":"Residenze Isole di Toscana","url":"https:\/\/residenzeisoleditoscana.com\/de\/","logo":{"@type":"ImageObject","inLanguage":"de-DE","@id":"https:\/\/residenzeisoleditoscana.com\/de\/#\/schema\/logo\/image\/","url":"https:\/\/residenzeisoleditoscana.com\/wp3\/wp-content\/uploads\/2025\/01\/logo.webp","contentUrl":"https:\/\/residenzeisoleditoscana.com\/wp3\/wp-content\/uploads\/2025\/01\/logo.webp","width":402,"height":150,"caption":"Residenze Isole di Toscana"},"image":{"@id":"https:\/\/residenzeisoleditoscana.com\/de\/#\/schema\/logo\/image\/"}}]}},"_links":{"self":[{"href":"https:\/\/residenzeisoleditoscana.com\/de\/wp-json\/wp\/v2\/pages\/1013059","targetHints":{"allow":["GET"]}}],"collection":[{"href":"https:\/\/residenzeisoleditoscana.com\/de\/wp-json\/wp\/v2\/pages"}],"about":[{"href":"https:\/\/residenzeisoleditoscana.com\/de\/wp-json\/wp\/v2\/types\/page"}],"author":[{"embeddable":true,"href":"https:\/\/residenzeisoleditoscana.com\/de\/wp-json\/wp\/v2\/users\/6"}],"replies":[{"embeddable":true,"href":"https:\/\/residenzeisoleditoscana.com\/de\/wp-json\/wp\/v2\/comments?post=1013059"}],"version-history":[{"count":15,"href":"https:\/\/residenzeisoleditoscana.com\/de\/wp-json\/wp\/v2\/pages\/1013059\/revisions"}],"predecessor-version":[{"id":1013093,"href":"https:\/\/residenzeisoleditoscana.com\/de\/wp-json\/wp\/v2\/pages\/1013059\/revisions\/1013093"}],"wp:attachment":[{"href":"https:\/\/residenzeisoleditoscana.com\/de\/wp-json\/wp\/v2\/media?parent=1013059"}],"curies":[{"name":"wp","href":"https:\/\/api.w.org\/{rel}","templated":true}]}}